{"version":"1.0","provider_name":"","provider_url":"https:\/\/www.ipr-real.cz\/en","author_name":"Kate\u0159ina \u010cern\u00e1","author_url":"https:\/\/www.ipr-real.cz\/en\/author\/cerna\/","title":"Da\u0148 z nabyt\u00ed nemovit\u00fdch v\u011bc\u00ed se ru\u0161\u00ed | I.P.R. Real Estate nemovitosti Praha","type":"rich","width":600,"height":338,"html":"<blockquote class=\"wp-embedded-content\" data-secret=\"UMQSFoceA5\"><a href=\"https:\/\/www.ipr-real.cz\/en\/dan-z-nabyti-nemovitych-veci-se-rusi\/\">Da\u0148 z nabyt\u00ed nemovit\u00fdch v\u011bc\u00ed se ru\u0161\u00ed<\/a><\/blockquote><iframe sandbox=\"allow-scripts\" security=\"restricted\" src=\"https:\/\/www.ipr-real.cz\/en\/dan-z-nabyti-nemovitych-veci-se-rusi\/embed\/#?secret=UMQSFoceA5\" width=\"600\" height=\"338\" title=\"&#8220;Da\u0148 z nabyt\u00ed nemovit\u00fdch v\u011bc\u00ed se ru\u0161\u00ed&#8221; &#8212; \" data-secret=\"UMQSFoceA5\" frameborder=\"0\" marginwidth=\"0\" marginheight=\"0\" scrolling=\"no\" class=\"wp-embedded-content\"><\/iframe><script type=\"text\/javascript\">\n\/* <![CDATA[ *\/\n\/*! This file is auto-generated *\/\n!function(d,l){\"use strict\";l.querySelector&&d.addEventListener&&\"undefined\"!=typeof URL&&(d.wp=d.wp||{},d.wp.receiveEmbedMessage||(d.wp.receiveEmbedMessage=function(e){var t=e.data;if((t||t.secret||t.message||t.value)&&!\/[^a-zA-Z0-9]\/.test(t.secret)){for(var s,r,n,a=l.querySelectorAll('iframe[data-secret=\"'+t.secret+'\"]'),o=l.querySelectorAll('blockquote[data-secret=\"'+t.secret+'\"]'),c=new RegExp(\"^https?:$\",\"i\"),i=0;i<o.length;i++)o[i].style.display=\"none\";for(i=0;i<a.length;i++)s=a[i],e.source===s.contentWindow&&(s.removeAttribute(\"style\"),\"height\"===t.message?(1e3<(r=parseInt(t.value,10))?r=1e3:~~r<200&&(r=200),s.height=r):\"link\"===t.message&&(r=new URL(s.getAttribute(\"src\")),n=new URL(t.value),c.test(n.protocol))&&n.host===r.host&&l.activeElement===s&&(d.top.location.href=t.value))}},d.addEventListener(\"message\",d.wp.receiveEmbedMessage,!1),l.addEventListener(\"DOMContentLoaded\",function(){for(var e,t,s=l.querySelectorAll(\"iframe.wp-embedded-content\"),r=0;r<s.length;r++)(t=(e=s[r]).getAttribute(\"data-secret\"))||(t=Math.random().toString(36).substring(2,12),e.src+=\"#?secret=\"+t,e.setAttribute(\"data-secret\",t)),e.contentWindow.postMessage({message:\"ready\",secret:t},\"*\")},!1)))}(window,document);\n\/\/# sourceURL=https:\/\/www.ipr-real.cz\/wp-includes\/js\/wp-embed.min.js\n\/* ]]> *\/\n<\/script>","description":"Da\u0148 z nabyt\u00ed nemovit\u00fdch v\u011bc\u00ed, kter\u00e1 od 1.1.2014 nahradila da\u0148 z p\u0159evodu nemovit\u00fdch v\u011bc\u00ed, je upravena z\u00e1konn\u00fdm opat\u0159en\u00edm \u010d. 340\/2013 Sb., kter\u00e9 bylo naposledy novelizov\u00e1no s \u00fa\u010dinnost\u00ed od 1.11.2019 novelou \u010d. 264\/2019 Sb.","thumbnail_url":"https:\/\/www.ipr-real.cz\/wp-content\/uploads\/2020\/06\/slider-blog03.jpg"}